{"id":12034,"date":"2024-01-15T00:04:00","date_gmt":"2024-01-14T23:04:00","guid":{"rendered":"https:\/\/aispja.com\/aubervilliers\/?page_id=12034"},"modified":"2024-06-10T15:07:33","modified_gmt":"2024-06-10T13:07:33","slug":"mentions-legales","status":"publish","type":"page","link":"https:\/\/aispja.com\/aubervilliers\/mentions-legales\/","title":{"rendered":"Mentions l\u00e9gales2"},"content":{"rendered":"\n[et_pb_section fb_built=\u00a0\u00bb1&Prime; _builder_version=\u00a0\u00bb4.23.4&Prime; _module_preset=\u00a0\u00bbdefault\u00a0\u00bb custom_padding=\u00a0\u00bb0px||0px||true|false\u00a0\u00bb da_disable_devices=\u00a0\u00bboff|off|off\u00a0\u00bb global_colors_info=\u00a0\u00bb{}\u00a0\u00bb da_is_popup=\u00a0\u00bboff\u00a0\u00bb da_exit_intent=\u00a0\u00bboff\u00a0\u00bb da_has_close=\u00a0\u00bbon\u00a0\u00bb da_alt_close=\u00a0\u00bboff\u00a0\u00bb da_dark_close=\u00a0\u00bboff\u00a0\u00bb da_not_modal=\u00a0\u00bbon\u00a0\u00bb da_is_singular=\u00a0\u00bboff\u00a0\u00bb da_with_loader=\u00a0\u00bboff\u00a0\u00bb da_has_shadow=\u00a0\u00bbon\u00a0\u00bb][et_pb_row _builder_version=\u00a0\u00bb4.23.4&Prime; _module_preset=\u00a0\u00bbdefault\u00a0\u00bb width=\u00a0\u00bb90%\u00a0\u00bb max_width=\u00a0\u00bb100%\u00a0\u00bb global_colors_info=\u00a0\u00bb{}\u00a0\u00bb][et_pb_column type=\u00a0\u00bb4_4&Prime; _builder_version=\u00a0\u00bb4.16&Prime; _module_preset=\u00a0\u00bbdefault\u00a0\u00bb global_colors_info=\u00a0\u00bb{}\u00a0\u00bb][et_pb_text _builder_version=\u00a0\u00bb4.23.4&Prime; _module_preset=\u00a0\u00bbdefault\u00a0\u00bb text_font_size=\u00a0\u00bb16.5px\u00a0\u00bb header_font=\u00a0\u00bbMontserrat|600|||||||\u00a0\u00bb header_text_color=\u00a0\u00bb#00528a\u00a0\u00bb header_font_size=\u00a0\u00bb28px\u00a0\u00bb global_colors_info=\u00a0\u00bb{}\u00a0\u00bb]<h1>Mentions l\u00e9gales<\/h1>[\/et_pb_text][\/et_pb_column][\/et_pb_row][\/et_pb_section][et_pb_section fb_built=\u00a0\u00bb1&Prime; module_id=\u00a0\u00bbvous-informer-vous-orienter\u00a0\u00bb _builder_version=\u00a0\u00bb4.16&Prime; _module_preset=\u00a0\u00bbdefault\u00a0\u00bb background_color=\u00a0\u00bb#EBEBEB\u00a0\u00bb da_disable_devices=\u00a0\u00bboff|off|off\u00a0\u00bb global_colors_info=\u00a0\u00bb{}\u00a0\u00bb da_is_popup=\u00a0\u00bboff\u00a0\u00bb da_exit_intent=\u00a0\u00bboff\u00a0\u00bb da_has_close=\u00a0\u00bbon\u00a0\u00bb da_alt_close=\u00a0\u00bboff\u00a0\u00bb da_dark_close=\u00a0\u00bboff\u00a0\u00bb da_not_modal=\u00a0\u00bbon\u00a0\u00bb da_is_singular=\u00a0\u00bboff\u00a0\u00bb da_with_loader=\u00a0\u00bboff\u00a0\u00bb da_has_shadow=\u00a0\u00bbon\u00a0\u00bb][et_pb_row _builder_version=\u00a0\u00bb4.23.4&Prime; _module_preset=\u00a0\u00bbdefault\u00a0\u00bb custom_padding=\u00a0\u00bb0px||0px||true|false\u00a0\u00bb custom_css_main_element=\u00a0\u00bbdisplay: flex;||align-items: center;\u00a0\u00bb global_colors_info=\u00a0\u00bb{}\u00a0\u00bb custom_css_main_element_last_edited=\u00a0\u00bbon|phone\u00a0\u00bb custom_css_main_element_phone=\u00a0\u00bbdisplay: block;\u00a0\u00bb custom_css_main_element_tablet=\u00a0\u00bbdisplay: flex;||align-items: center;\u00a0\u00bb][et_pb_column type=\u00a0\u00bb4_4&Prime; _builder_version=\u00a0\u00bb4.16&Prime; _module_preset=\u00a0\u00bbdefault\u00a0\u00bb global_colors_info=\u00a0\u00bb{}\u00a0\u00bb][et_pb_text _builder_version=\u00a0\u00bb4.23.4&Prime; _module_preset=\u00a0\u00bbdefault\u00a0\u00bb text_font=\u00a0\u00bbMontserrat|300|||||||\u00a0\u00bb text_font_size=\u00a0\u00bb18px\u00a0\u00bb link_font=\u00a0\u00bbMontserrat||||||||\u00a0\u00bb link_text_color=\u00a0\u00bbgcid-a7a1f9b9-336a-4da2-9114-ff0406f7813c\u00a0\u00bb ul_font=\u00a0\u00bbQuattrocento Sans||||||||\u00a0\u00bb ul_font_size=\u00a0\u00bb16.5px\u00a0\u00bb header_2_font=\u00a0\u00bbMontserrat|600|||||||\u00a0\u00bb header_2_text_color=\u00a0\u00bbgcid-6b5f0418-87c3-424c-825a-66d42b97eca4&Prime; header_3_font=\u00a0\u00bbMontserrat|700|||||||\u00a0\u00bb header_3_text_color=\u00a0\u00bbgcid-a7a1f9b9-336a-4da2-9114-ff0406f7813c\u00a0\u00bb text_orientation=\u00a0\u00bbjustified\u00a0\u00bb hover_enabled=\u00a0\u00bb0&Prime; global_colors_info=\u00a0\u00bb{%22gcid-a7a1f9b9-336a-4da2-9114-ff0406f7813c%22:%91%22header_3_text_color%22,%22link_text_color%22%93,%22gcid-6b5f0418-87c3-424c-825a-66d42b97eca4%22:%91%22header_2_text_color%22%93}\u00a0\u00bb sticky_enabled=\u00a0\u00bb0&Prime;]<h2 style=\"text-align: center;\"><em>Ce site web est \u00e9dit\u00e9 par la mission locale d\u2019Aubervilliers.<\/em><\/h2>\n<h3>Si\u00e8ge<\/h3>\n<p>62, avenue de la R\u00e9publique, 93300 Aubervilliers<br \/>T\u00e9l : 01 88 81 20 20<br \/>Directeur de la publication : Jean-Fran\u00e7ois ELOIDIN, directeur de la mission locale d\u2019Aubervilliers<\/p>\n<h3>Droits prot\u00e9g\u00e9s<\/h3>\n<p>Le site missionlocale-aubervilliers.org rel\u00e8ve de la l\u00e9gislation fran\u00e7aise sur le droit d\u2019auteur et la propri\u00e9t\u00e9 intellectuelle. Tous les droits de reproduction sont r\u00e9serv\u00e9s, y compris pour les documents t\u00e9l\u00e9chargeables, les repr\u00e9sentations photographiques et iconographiques. La reproduction de tout ou partie du site sur un support \u00e9lectronique est formellement interdite, sauf autorisation express pr\u00e9alable et \u00e9crite de la mission locale d\u2019Aubervilliers.<br \/>Photographie : \u00a9Photo by La\u00efla<br \/>Copyright \u00a9Mission Locale d&rsquo;Aubervilliers 2018.<\/p>\n<h3>Protections des donn\u00e9es personnelles et nominatives<\/h3>\n<p><a href=\"http:\/\/missionlocale-aubervilliers.com\/\">http:\/\/missionlocale-aubervilliers.com\/<\/a>\u00a0 s&rsquo;engage \u00e0 ce que la collecte et le traitement de vos donn\u00e9es, effectu\u00e9s \u00e0 partir du site soient conformes au r\u00e8glement g\u00e9n\u00e9ral sur la protection des donn\u00e9es (RGPD) et \u00e0 la loi Informatique et Libert\u00e9s.<\/p>\n<p>Chaque formulaire limite la collecte des donn\u00e9es personnelles au strict n\u00e9cessaire et indique notamment si les donn\u00e9es sont obligatoires ou facultatives par l\u2019utilisation d\u2019un ast\u00e9risque, selon le type de demande effectu\u00e9e. Ces donn\u00e9es personnelles sont destin\u00e9es au seul usage de la mission locale d\u2019Aubervilliers, dans le but d\u2019am\u00e9liorer notre offre de services. Elles ne seront pas communiqu\u00e9es \u00e0 des tiers \u00e0 l\u2019exclusion des tiers h\u00e9bergeant le Site ou intervenant dans son contenu ou sa gestion. La mission locale d\u2019Aubervilliers s\u2019engage \u00e0 prendre toutes les mesures raisonnables et l\u00e9gales \u00e0 sa disposition pour pr\u00e9server la confidentialit\u00e9 des informations recueillies, conform\u00e9ment au r\u00e8glement g\u00e9n\u00e9ral sur la protection des donn\u00e9es des utilisateurs.<\/p>\n<p>Pour toute information ou exercice de vos droits Informatique et Libert\u00e9s sur les traitements de donn\u00e9es personnelles g\u00e9r\u00e9s par la <a href=\"http:\/\/missionlocale-aubervilliers.com\/\">http:\/\/missionlocale-aubervilliers.com\/<\/a>, se r\u00e9f\u00e9rer aux lois n\u00b078-17 du 6 janvier 1978, ainsi qu\u2019au r\u00e8glement europ\u00e9en du 25 Mai 2018 pour le renforcement des droits et la protection des donn\u00e9es personnelles.<\/p>\n<p>Lors de la consultation de <a href=\"http:\/\/missionlocale-aubervilliers.com\/\">http:\/\/missionlocale-aubervilliers.com\/<\/a>\u00a0 des cookies sont recueillies sur votre ordinateur, tablette ou mobile. Ces cookies servent notamment \u00e0 mesurer la fr\u00e9quentation du site, mais permettent \u00e9galement de renforcer l\u2019accessibilit\u00e9, l\u2019ergonomie, la coh\u00e9rence, l\u2019\u00e9valuation concurrentielle et les diff\u00e9rents contextes d\u2019utilisation du site. Ces donn\u00e9es permettront \u00e0 terme d\u2019am\u00e9liorer la navigation pour tout un chacun.<\/p>\n<p>Conform\u00e9ment \u00e0 la loi n\u00b078-17 du 6 janvier 1978 relative \u00e0 l\u2019informatique, aux fichiers et aux libert\u00e9s. Vous disposez d\u2019un droit d\u2019acc\u00e8s, de modification, de rectification et de suppression des donn\u00e9es vous concernant (article 34). Ce droit peut s\u2019exercer directement en \u00e9crivant par courrier \u00e0 :<\/p>\n<p style=\"text-align: center;\"><strong>Mission Locale d&rsquo;Aubervilliers<\/strong><br \/><strong>62 Avenue de la R\u00e9publique, 93300 Aubervilliers<\/strong><\/p>\n<p>Vous pouvez \u00e9galement supprimer ou d\u00e9sactiver les cookies. Il est \u00e0 noter que si votre navigateur est configur\u00e9 de mani\u00e8re \u00e0 refuser tous les cookies, votre navigation sur le site de la mission locale d\u2019Aubervilliers en sera alt\u00e9r\u00e9e. Pour en savoir plus sur le blocage ou la suppression des cookies, vous pouvez consulter les liens suivants (selon votre navigateur) :<\/p>\n<p>Firefox :<br \/><a href=\"https:\/\/support.mozilla.org\/fr\/kb\/activer-desactiver-cookies-preferences?redirectlocale=fr&amp;redirectslug=activer-desactiver-cookies\">https:\/\/support.mozilla.org\/fr\/kb\/activer-desactiver-cookies-preferences?redirectlocale=fr&amp;redirectslug=activer-desactiver-cookies<\/a><br \/>Chrome :<br \/><a href=\"https:\/\/support.google.com\/chrome\/answer\/95647?hl=fr\">https:\/\/support.google.com\/chrome\/answer\/95647?hl=fr<\/a><br \/>Explorer :<br \/><a href=\"https:\/\/support.microsoft.com\/fr-fr\/help\/17442\/windows-internet-explorer-delete-manage-cookies#ie=ie-9\">https:\/\/support.microsoft.com\/fr-fr\/help\/17442\/windows-internet-explorer-delete-manage-cookies#ie=ie-9<\/a><br \/>Safari :<br \/><a href=\"https:\/\/support.apple.com\/kb\/PH17191?locale=fr_FR&amp;viewlocale=fr_FR\">https:\/\/support.apple.com\/kb\/PH17191?locale=fr_FR&amp;viewlocale=fr_FR<\/a><br \/>Opera :<br \/><a href=\"https:\/\/help.opera.com\/fr\/Windows\/10.20\/fr\/cookies.html\">https:\/\/help.opera.com\/fr\/Windows\/10.20\/fr\/cookies.html<\/a><\/p>[\/et_pb_text][\/et_pb_column][\/et_pb_row][\/et_pb_section]\n","protected":false},"excerpt":{"rendered":"<p>Mentions l\u00e9galesCe site web est \u00e9dit\u00e9 par la mission locale d\u2019Aubervilliers. Si\u00e8ge 62, avenue de la R\u00e9publique, 93300 AubervilliersT\u00e9l : 01 88 81 20 20Directeur de la publication : Jean-Fran\u00e7ois ELOIDIN, directeur de la mission locale d\u2019Aubervilliers Droits prot\u00e9g\u00e9s Le site missionlocale-aubervilliers.org rel\u00e8ve de la l\u00e9gislation fran\u00e7aise sur le droit d\u2019auteur et la propri\u00e9t\u00e9 intellectuelle. [&hellip;]<\/p>\n","protected":false},"author":1,"featured_media":0,"parent":0,"menu_order":0,"comment_status":"closed","ping_status":"closed","template":"","meta":{"_et_pb_use_builder":"on","_et_pb_old_content":"","_et_gb_content_width":"","_crosspost_to_1":false,"_crosspost_to_3":false,"_crosspost_to_4":false,"footnotes":""},"class_list":["post-12034","page","type-page","status-publish","hentry"],"yoast_head":"<!-- This site is optimized with the Yoast SEO plugin v25.6 - https:\/\/yoast.com\/wordpress\/plugins\/seo\/ -->\n<title>Mentions l\u00e9gales2 - Mission Locale Aubervilliers<\/title>\n<meta name=\"robots\" content=\"index, follow, max-snippet:-1, max-image-preview:large, max-video-preview:-1\" \/>\n<link rel=\"canonical\" href=\"https:\/\/aispja.com\/aubervilliers\/mentions-legales\/\" \/>\n<meta property=\"og:locale\" content=\"fr_FR\" \/>\n<meta property=\"og:type\" content=\"article\" \/>\n<meta property=\"og:title\" content=\"Mentions l\u00e9gales2 - Mission Locale Aubervilliers\" \/>\n<meta property=\"og:description\" content=\"Mission locale Aubervilliers 62, avenue de la R\u00e9publique 93300 - Aubervilliers T\u00e9l : 01 71 86 35 36 Horaires d&#039;ouverture Du lundi au vendredi : Matin : 9h00 \u00e0 12h30Apr\u00e8s-midi : 13h30 \u00e0 17h30 &nbsp; Par bus : Bus 249 - arr\u00eat Paul Bert Bus 150 et 170 arr\u00eats Andr\u00e9 Karman ou rue des Cit\u00e9s [&hellip;]\" \/>\n<meta property=\"og:url\" content=\"https:\/\/aispja.com\/aubervilliers\/mentions-legales\/\" \/>\n<meta property=\"og:site_name\" content=\"Mission Locale Aubervilliers\" \/>\n<meta property=\"article:publisher\" content=\"https:\/\/www.facebook.com\/people\/Mission-Locale-Aubervilliers\/100079225926678\/\" \/>\n<meta property=\"article:modified_time\" content=\"2024-06-10T13:07:33+00:00\" \/>\n<meta name=\"twitter:card\" content=\"summary_large_image\" \/>\n<meta name=\"twitter:site\" content=\"@MLAubervilliers\" \/>\n<meta name=\"twitter:label1\" content=\"Dur\u00e9e de lecture estim\u00e9e\" \/>\n\t<meta name=\"twitter:data1\" content=\"3 minutes\" \/>\n<script type=\"application\/ld+json\" class=\"yoast-schema-graph\">{\"@context\":\"https:\/\/schema.org\",\"@graph\":[{\"@type\":\"WebPage\",\"@id\":\"https:\/\/aispja.com\/aubervilliers\/mentions-legales\/\",\"url\":\"https:\/\/aispja.com\/aubervilliers\/mentions-legales\/\",\"name\":\"Mentions l\u00e9gales2 - Mission Locale Aubervilliers\",\"isPartOf\":{\"@id\":\"https:\/\/aispja.com\/aubervilliers\/#website\"},\"datePublished\":\"2024-01-14T23:04:00+00:00\",\"dateModified\":\"2024-06-10T13:07:33+00:00\",\"breadcrumb\":{\"@id\":\"https:\/\/aispja.com\/aubervilliers\/mentions-legales\/#breadcrumb\"},\"inLanguage\":\"fr-FR\",\"potentialAction\":[{\"@type\":\"ReadAction\",\"target\":[\"https:\/\/aispja.com\/aubervilliers\/mentions-legales\/\"]}]},{\"@type\":\"BreadcrumbList\",\"@id\":\"https:\/\/aispja.com\/aubervilliers\/mentions-legales\/#breadcrumb\",\"itemListElement\":[{\"@type\":\"ListItem\",\"position\":1,\"name\":\"Accueil\",\"item\":\"https:\/\/aispja.com\/aubervilliers\/\"},{\"@type\":\"ListItem\",\"position\":2,\"name\":\"Mentions l\u00e9gales2\"}]},{\"@type\":\"WebSite\",\"@id\":\"https:\/\/aispja.com\/aubervilliers\/#website\",\"url\":\"https:\/\/aispja.com\/aubervilliers\/\",\"name\":\"Mission Locale Aubervilliers\",\"description\":\"\",\"publisher\":{\"@id\":\"https:\/\/aispja.com\/aubervilliers\/#organization\"},\"potentialAction\":[{\"@type\":\"SearchAction\",\"target\":{\"@type\":\"EntryPoint\",\"urlTemplate\":\"https:\/\/aispja.com\/aubervilliers\/?s={search_term_string}\"},\"query-input\":{\"@type\":\"PropertyValueSpecification\",\"valueRequired\":true,\"valueName\":\"search_term_string\"}}],\"inLanguage\":\"fr-FR\"},{\"@type\":\"Organization\",\"@id\":\"https:\/\/aispja.com\/aubervilliers\/#organization\",\"name\":\"Mission Locale Aubervilliers\",\"url\":\"https:\/\/aispja.com\/aubervilliers\/\",\"logo\":{\"@type\":\"ImageObject\",\"inLanguage\":\"fr-FR\",\"@id\":\"https:\/\/aispja.com\/aubervilliers\/#\/schema\/logo\/image\/\",\"url\":\"https:\/\/aispja.com\/aubervilliers\/wp-content\/uploads\/sites\/2\/2024\/01\/Logo-mission-locale-aubervilliers-transparent.png\",\"contentUrl\":\"https:\/\/aispja.com\/aubervilliers\/wp-content\/uploads\/sites\/2\/2024\/01\/Logo-mission-locale-aubervilliers-transparent.png\",\"width\":332,\"height\":83,\"caption\":\"Mission Locale Aubervilliers\"},\"image\":{\"@id\":\"https:\/\/aispja.com\/aubervilliers\/#\/schema\/logo\/image\/\"},\"sameAs\":[\"https:\/\/www.facebook.com\/people\/Mission-Locale-Aubervilliers\/100079225926678\/\",\"https:\/\/x.com\/MLAubervilliers\",\"https:\/\/www.linkedin.com\/company\/77637960\/admin\/\",\"https:\/\/www.instagram.com\/missionlocaleaubervilliers\/\"]}]}<\/script>\n<!-- \/ Yoast SEO plugin. -->","yoast_head_json":{"title":"Mentions l\u00e9gales2 - Mission Locale Aubervilliers","robots":{"index":"index","follow":"follow","max-snippet":"max-snippet:-1","max-image-preview":"max-image-preview:large","max-video-preview":"max-video-preview:-1"},"canonical":"https:\/\/aispja.com\/aubervilliers\/mentions-legales\/","og_locale":"fr_FR","og_type":"article","og_title":"Mentions l\u00e9gales2 - Mission Locale Aubervilliers","og_description":"Mission locale Aubervilliers 62, avenue de la R\u00e9publique 93300 - Aubervilliers T\u00e9l : 01 71 86 35 36 Horaires d'ouverture Du lundi au vendredi : Matin : 9h00 \u00e0 12h30Apr\u00e8s-midi : 13h30 \u00e0 17h30 &nbsp; Par bus : Bus 249 - arr\u00eat Paul Bert Bus 150 et 170 arr\u00eats Andr\u00e9 Karman ou rue des Cit\u00e9s [&hellip;]","og_url":"https:\/\/aispja.com\/aubervilliers\/mentions-legales\/","og_site_name":"Mission Locale Aubervilliers","article_publisher":"https:\/\/www.facebook.com\/people\/Mission-Locale-Aubervilliers\/100079225926678\/","article_modified_time":"2024-06-10T13:07:33+00:00","twitter_card":"summary_large_image","twitter_site":"@MLAubervilliers","twitter_misc":{"Dur\u00e9e de lecture estim\u00e9e":"3 minutes"},"schema":{"@context":"https:\/\/schema.org","@graph":[{"@type":"WebPage","@id":"https:\/\/aispja.com\/aubervilliers\/mentions-legales\/","url":"https:\/\/aispja.com\/aubervilliers\/mentions-legales\/","name":"Mentions l\u00e9gales2 - Mission Locale Aubervilliers","isPartOf":{"@id":"https:\/\/aispja.com\/aubervilliers\/#website"},"datePublished":"2024-01-14T23:04:00+00:00","dateModified":"2024-06-10T13:07:33+00:00","breadcrumb":{"@id":"https:\/\/aispja.com\/aubervilliers\/mentions-legales\/#breadcrumb"},"inLanguage":"fr-FR","potentialAction":[{"@type":"ReadAction","target":["https:\/\/aispja.com\/aubervilliers\/mentions-legales\/"]}]},{"@type":"BreadcrumbList","@id":"https:\/\/aispja.com\/aubervilliers\/mentions-legales\/#breadcrumb","itemListElement":[{"@type":"ListItem","position":1,"name":"Accueil","item":"https:\/\/aispja.com\/aubervilliers\/"},{"@type":"ListItem","position":2,"name":"Mentions l\u00e9gales2"}]},{"@type":"WebSite","@id":"https:\/\/aispja.com\/aubervilliers\/#website","url":"https:\/\/aispja.com\/aubervilliers\/","name":"Mission Locale Aubervilliers","description":"","publisher":{"@id":"https:\/\/aispja.com\/aubervilliers\/#organization"},"potentialAction":[{"@type":"SearchAction","target":{"@type":"EntryPoint","urlTemplate":"https:\/\/aispja.com\/aubervilliers\/?s={search_term_string}"},"query-input":{"@type":"PropertyValueSpecification","valueRequired":true,"valueName":"search_term_string"}}],"inLanguage":"fr-FR"},{"@type":"Organization","@id":"https:\/\/aispja.com\/aubervilliers\/#organization","name":"Mission Locale Aubervilliers","url":"https:\/\/aispja.com\/aubervilliers\/","logo":{"@type":"ImageObject","inLanguage":"fr-FR","@id":"https:\/\/aispja.com\/aubervilliers\/#\/schema\/logo\/image\/","url":"https:\/\/aispja.com\/aubervilliers\/wp-content\/uploads\/sites\/2\/2024\/01\/Logo-mission-locale-aubervilliers-transparent.png","contentUrl":"https:\/\/aispja.com\/aubervilliers\/wp-content\/uploads\/sites\/2\/2024\/01\/Logo-mission-locale-aubervilliers-transparent.png","width":332,"height":83,"caption":"Mission Locale Aubervilliers"},"image":{"@id":"https:\/\/aispja.com\/aubervilliers\/#\/schema\/logo\/image\/"},"sameAs":["https:\/\/www.facebook.com\/people\/Mission-Locale-Aubervilliers\/100079225926678\/","https:\/\/x.com\/MLAubervilliers","https:\/\/www.linkedin.com\/company\/77637960\/admin\/","https:\/\/www.instagram.com\/missionlocaleaubervilliers\/"]}]}},"_links":{"self":[{"href":"https:\/\/aispja.com\/aubervilliers\/wp-json\/wp\/v2\/pages\/12034"}],"collection":[{"href":"https:\/\/aispja.com\/aubervilliers\/wp-json\/wp\/v2\/pages"}],"about":[{"href":"https:\/\/aispja.com\/aubervilliers\/wp-json\/wp\/v2\/types\/page"}],"author":[{"embeddable":true,"href":"https:\/\/aispja.com\/aubervilliers\/wp-json\/wp\/v2\/users\/1"}],"replies":[{"embeddable":true,"href":"https:\/\/aispja.com\/aubervilliers\/wp-json\/wp\/v2\/comments?post=12034"}],"version-history":[{"count":5,"href":"https:\/\/aispja.com\/aubervilliers\/wp-json\/wp\/v2\/pages\/12034\/revisions"}],"predecessor-version":[{"id":12661,"href":"https:\/\/aispja.com\/aubervilliers\/wp-json\/wp\/v2\/pages\/12034\/revisions\/12661"}],"wp:attachment":[{"href":"https:\/\/aispja.com\/aubervilliers\/wp-json\/wp\/v2\/media?parent=12034"}],"curies":[{"name":"wp","href":"https:\/\/api.w.org\/{rel}","templated":true}]}}